{"id":13340,"date":"2018-10-23T19:44:38","date_gmt":"2018-10-23T19:44:38","guid":{"rendered":"https:\/\/www.imaginatio.com.co\/MX3\/CLP\/?page_id=13340"},"modified":"2021-02-16T22:47:01","modified_gmt":"2021-02-16T22:47:01","slug":"tratamientos-depilacion-laser","status":"publish","type":"page","link":"https:\/\/clinicalaserdepiel.com.co\/esp\/tratamientos-depilacion-laser","title":{"rendered":"DEPILACI\u00d3N L\u00c1SER 1"},"content":{"rendered":"<section class=\"wpb-content-wrapper\"><p>[vc_row content_aligment=&#8221;center&#8221; el_class=&#8221;cabecera&#8221;][vc_column][vc_column_text]<\/p>\n<h1 class=\"titulo__rosado__grande\">Depilaci\u00f3n L\u00e1ser \u2013 \u00a1 Luce Una Piel Sin Vellos!<\/h1>\n<p>[\/vc_column_text][\/vc_column][\/vc_row][vc_row el_id=&#8221;rowContainer&#8221;][vc_column width=&#8221;3\/4&#8243;][vc_empty_space][vc_row_inner][vc_column_inner width=&#8221;1\/3&#8243;][vc_single_image image=&#8221;15772&#8243; img_size=&#8221;full&#8221; el_class=&#8221;imagenes-cpl&#8221;][\/vc_column_inner][vc_column_inner width=&#8221;2\/3&#8243;][vc_column_text]<\/p>\n<p class=\"parrafos\">El vello no deseado es una pesadilla para muchas mujeres y hombres, afortunadamente la\u00a0tecnolog\u00eda\u00a0ha avanzado y actualmente existe tecnolog\u00eda l\u00e1ser que provee una\u00a0soluci\u00f3n segura, asequible y r\u00e1pida para la\u00a0<strong>remoci\u00f3n del vello<\/strong>.<\/p>\n<p class=\"parrafos\">Cl\u00ednica L\u00e1ser de Piel es pionera\u00a0en Colombia y Latinoam\u00e9rica en el\u00a0tratamiento de <strong>Depilaci\u00f3n L\u00e1ser<\/strong> el cual ha sido exitosamente comprobado por muchos a\u00f1os.<\/p>\n<p>[\/vc_column_text][vc_column_text]<\/p>\n<h2 class=\"titulos\">\u00a1Con la depilaci\u00f3n l\u00e1ser, alcance resultados sorprendentes y confiables en el menor n\u00famero de sesiones!<\/h2>\n<p>[\/vc_column_text][vc_column_text]<\/p>\n<p class=\"parrafos\">Nuestra cl\u00ednica cuenta con\u00a0l\u00e1seres\u00a0americanos y europeos del m\u00e1s alto nivel que provee depilaci\u00f3n con\u00a0resultados efectivos en el menor n\u00famero de sesiones.<\/p>\n<p class=\"parrafos\">Los m\u00e9todos tradicionales de <strong>remoci\u00f3n del vello<\/strong>\u00a0no deseado como la afeitada o cera son dolorosos y transitorios y, tienen un alto riesgo de hiperpigmentaci\u00f3n post inflamatoria, foliculitis e irritaci\u00f3n.\u00a0 Otro m\u00e9todo denominado electr\u00f3lisis,\u00a0es sumamente doloroso y demorado, lo que finalmente resulta costoso en t\u00e9rminos de tiempo y dinero.<\/p>\n<p class=\"parrafos\">La remoci\u00f3n del vello con l\u00e1ser ha sido exitosamente probada por muchos a\u00f1os.<\/p>\n<p>[\/vc_column_text][\/vc_column_inner][\/vc_row_inner][vc_row_inner][vc_column_inner][\/vc_column_inner][\/vc_row_inner][vc_row_inner][vc_column_inner][vc_column_text]<\/p>\n<h2 class=\"sub__titulos\">\u00bfEn qu\u00e9 consiste la depilaci\u00f3n l\u00e1ser?<\/h2>\n<p>[\/vc_column_text][vc_column_text]<\/p>\n<p class=\"parrafos\">Es la opci\u00f3n m\u00e1s eficaz que existe actualmente para hombres y mujeres para dejar atr\u00e1s los molestos vellos, consiste en una serie de sesiones donde se aplica la sesi\u00f3n l\u00e1ser en \u00e1reas del cuerpo y rostro a tratar.<\/p>\n<p class=\"parrafos\">Nuestra tecnolog\u00eda MS (Cuarta generaci\u00f3n) para\u00a0<strong>depilaci\u00f3n<\/strong>\u00a0<strong>l\u00e1ser<\/strong>, opera por el principio de la\u00a0fototerm\u00f3lisis selectiva, donde el l\u00e1ser emite una luz absorbida por el pigmento (melanina). Transmiti\u00e9ndolo al fol\u00edculo piloso, el cual se atrofia e impide su regeneraci\u00f3n, sin da\u00f1ar el tejido circundante. Es un\u00a0procedimiento sencillo y seguro con excelentes resultados.<\/p>\n<p class=\"parrafos\">Los equipos de Cl\u00ednica L\u00e1ser de Piel, cuentan con piezas de mano enfriadas que\u00a0protegen la piel\u00a0evitando que se queme; a diferencia de otras m\u00e1quinas para\u00a0<strong>depilaci\u00f3n l\u00e1ser<\/strong>\u00a0que no tienen enfriamiento incorporado o utilizan otro m\u00e9todo externo\u00a0(aire o gas)\u00a0que puede ser inc\u00f3modo o inseguro.<\/p>\n<p>[\/vc_column_text][\/vc_column_inner][\/vc_row_inner][vc_row_inner][vc_column_inner][vc_column_text]<\/p>\n<h2 class=\"sub__titulos\">\u00bfCu\u00e1ntas sesiones son necesarias para eliminar el vello?<\/h2>\n<p>[\/vc_column_text][vc_column_text]<\/p>\n<p class=\"parrafos\">El l\u00e1ser trabaja\u00a0destruyendo los vellos\u00a0que est\u00e1n principalmente en la fase An\u00e1gena o activa del crecimiento del vello en el momento del tratamiento y dado que hay otros vellos que est\u00e1n en otras\u00a0fases diferentes como la Cat\u00e1gena o en reposo y la Tel\u00f3gena o inactiva, ser\u00e1n necesarias varias sesiones para destruir todos los fol\u00edculos en un \u00e1rea espec\u00edfica.<\/p>\n<p class=\"parrafos\">El n\u00famero de sesiones que se requieren para la\u00a0<strong>depilaci\u00f3n l\u00e1ser<\/strong>\u00a0depende de varios factores como el tipo de vello, ubicaci\u00f3n en el cuerpo, grosor y color del vello y fototipo de piel.\u00a0 Igualmente la respuesta particular del paciente a la terapia l\u00e1ser.<\/p>\n<p class=\"parrafos\">El intervalo entre sesiones es generalmente de 6 a 8 semanas, considerando la fase de crecimiento del vello.<\/p>\n<p>[\/vc_column_text][\/vc_column_inner][\/vc_row_inner][vc_row_inner][vc_column_inner][vc_column_text]<\/p>\n<h2 class=\"sub__titulos\">\u00bfLa depilaci\u00f3n l\u00e1ser es dolorosa?<\/h2>\n<p>[\/vc_column_text][vc_column_text]<\/p>\n<p class=\"parrafos\">El l\u00e1ser emite\u00a0solo luz, el paciente puede sentir una peque\u00f1a sensaci\u00f3n, como un\u00a0leve\u00a0golpecito sobre la piel, que puede producir una molestia. Algunos pacientes pueden utilizar una crema\u00a0anest\u00e9sica t\u00f3pica\u00a0para mayor comodidad.\u00a0 La mayor\u00eda de los pacientes consideran que es tolerable.<\/p>\n<p>[\/vc_column_text][\/vc_column_inner][\/vc_row_inner][vc_row_inner][vc_column_inner][vc_column_text]<\/p>\n<h2 class=\"titulos\">\u00a1Dile adi\u00f3s a esos vellos indeseados con depilaci\u00f3n l\u00e1ser!<\/h2>\n<p>[\/vc_column_text][vc_column_text]<\/p>\n<h2 class=\"sub__titulos\">\u00bfQu\u00e9 ventajas tiene la depilaci\u00f3n l\u00e1ser en Cl\u00ednica L\u00e1ser de Piel?<\/h2>\n<p>[\/vc_column_text][vc_column_text]<\/p>\n<p class=\"parrafos\">La depilaci\u00f3n l\u00e1ser permite la remoci\u00f3n de vello para una piel lisa y tersa en el menor n\u00famero de sesiones.<\/p>\n<p>[\/vc_column_text]<div class=\"mkd-unordered-list \" >\n<ul>\n<li>Seguridad. Nuestros l\u00e1seres a diferencia de otras m\u00e1quinas, disponen de piezas de mano enfriadas para\u00a0proteger la piel\u00a0de quemaduras y manchas. No necesita sistemas de enfriamiento adicionales con aire o gas, los cuales pueden resultar inseguros.<\/li>\n<li>Variedad. Contamos con diferentes equipos de <strong>depilaci\u00f3n l\u00e1ser<\/strong> para remover el vello con seguridad diferentes tipos de piel (blanca, morena, negra). Seg\u00fan el fototipo del paciente se determina el equipo a utilizar, por lo tanto, podemos depilar desde la piel m\u00e1s blanca a la m\u00e1s morena con total seguridad.<\/li>\n<li>Alcance. Nuestra tecnolog\u00eda permite realizar procedimientos de <strong>depilaci\u00f3n l\u00e1ser<\/strong>\u00a0 en cualquier \u00e1rea del cuerpo.<\/li>\n<li>Rapidez. Los resultados se alcanzan en el menor n\u00famero de sesiones.<\/li>\n<li>Tecnolog\u00eda. Usamos l\u00e1seres aprobados por la\u00a0FDA de USA y CE (Comunidad Europea).\u00a0 Ofrecemos tratamientos con\u00a0rayos l\u00e1ser de alta potencia, no usamos luces pulsadas, radiofrecuencias, ni l\u00e1seres de baja potencia.<\/li>\n<li>Confiable. Protocolos m\u00e9dico-cient\u00edficos que disminuyen posibles irritaciones y riesgos de hiperpigmentaci\u00f3n o hipopigmentaci\u00f3n (manchas).<\/li>\n<\/ul>\n<\/div>[\/vc_column_inner][\/vc_row_inner][vc_row_inner][vc_column_inner][vc_column_text]<\/p>\n<h2 class=\"sub__titulos\">\u00bfQu\u00e9 cuidados se tienen antes y despu\u00e9s de la sesi\u00f3n de depilaci\u00f3n l\u00e1ser?<\/h2>\n<p>[\/vc_column_text]<div class=\"mkd-unordered-list \" >\n<ul>\n<li>Abstenerse de asolearse o broncearse y usar bloqueador solar en zonas expuestas al l\u00e1ser durante 15 d\u00edas antes y despu\u00e9s de cada sesi\u00f3n de\u00a0<strong>depilaci\u00f3n l\u00e1ser<\/strong>.<\/li>\n<li>Antes y durante el tratamiento no arrancar el vello con pinzas o cera, ni decolorarlo.<\/li>\n<\/ul>\n<\/div>[\/vc_column_inner][\/vc_row_inner][vc_row_inner][vc_column_inner][vc_column_text]<\/p>\n<h2 class=\"sub__titulos\">\u00bfCu\u00e1l es la diferencia entre l\u00e1ser y luz pulsada?<\/h2>\n<p>[\/vc_column_text][vc_column_text]<\/p>\n<p class=\"parrafos\">La luz pulsada tiene varias longitudes de onda que impiden que act\u00fae sobre un punto espec\u00edfico afectando no s\u00f3lo al vello sino tambi\u00e9n la piel circundante, usualmente se usa para pieles morenas o claras y no est\u00e1 indicado para pieles oscuras.<\/p>\n<p style=\"text-align: left;\">Mientras que el l\u00e1ser es una luz m\u00e1s pura\u00a0 (monocrom\u00e1tica, coherente y colimada) con una sola longitud de onda que act\u00faa bajo el principio de fototerm\u00f3lisis selectiva actuando directamente sobre el fol\u00edculo a tratar sin da\u00f1ar la piel circundante, adem\u00e1s posee gran versatilidad por lo que se puede utilizar desde pieles claras a las m\u00e1s oscuras.<\/p>\n<p class=\"parrafos\">Nuestra cl\u00ednica, con sedes en las principales ciudades de Colombia como Bogot\u00e1, Medell\u00edn, Cali y Barranquilla, maneja tecnolog\u00edas para la <strong>remoci\u00f3n del vello<\/strong> en un alto porcentaje, si el paciente presenta condiciones hormonales normales y completa el n\u00famero de sesiones requeridas por\u00a0\u00e1reas, de acuerdo al tipo de piel y previa valoraci\u00f3n m\u00e9dica.<\/p>\n<p class=\"parrafos\">La <strong>depilaci\u00f3n l\u00e1ser<\/strong> permite prescindir de m\u00e9todos tradicionales de depilaci\u00f3n.\u00a0 Es la soluci\u00f3n para patolog\u00edas como la pseudofoliculitis y se usa en todo tipo de piel (blanca, morena, negra).\u00a0 El resultado es una piel tersa, limpia y fresca.<\/p>\n<p>[\/vc_column_text][\/vc_column_inner][\/vc_row_inner][\/vc_column][vc_column width=&#8221;1\/4&#8243;][vc_empty_space][vc_column_text]<\/p>\n<h2 class=\"titulos\">ANTES Y DESPU\u00c9S<\/h2>\n<p>[\/vc_column_text][vc_empty_space][vc_column_text]<div class=\"ich-prefix grid-rel\">\r\n    <div class=\"grid grid-pad wcp-fgg-wrap  ich-main-244\">\r\n                    <div class=\"mason-item col-1-1\" id=\"ich-14414-0\">\r\n                <div     class=\"wcp-caption-plugin \"\r\n    ontouchstart=\"\"\r\n    id=\"wcp-widget-14414-0\">\r\n        <a rel=\"prettyPhoto[14414]\" href=\"https:\/\/clinicalaserdepiel.com.co\/esp\/wp-content\/uploads\/2021\/08\/Depilacion-laser-1.jpg\" target=\"_blank\">            <div class=\"image-caption-box\">\r\n                <div class=\"caption zoom-and-pan\">\r\n                    <div class=\"as-tble\">\r\n                                    <div class=\"centered-text\">\r\n                <h2 style=\"text-transform: uppercase; color: #e6d9ca; text-align: center; position: relative; font-size: 24px; margin: 10px;\">depilaci\u00f3n l\u00e1ser<\/h2>\r\n<p style=\"font-size: 14px; color: #fff; text-align: center; margin: 0 !important;\">-Antes y despu\u00e9s -<\/p>\r\n<p style=\"font-size: 14px; color: #fff; text-align: center;\">- Click para ver la imagen -<\/p>            <\/div>\r\n                            <\/div>\r\n                <\/div>\r\n                <img decoding=\"async\" class=\"wcp-caption-image\"\r\n                    src=\"https:\/\/clinicalaserdepiel.com.co\/esp\/wp-content\/uploads\/2021\/08\/Depilacion-laser-1.jpg\"\r\n                    title=\"\"\r\n                    alt=\"\"\/>\r\n            <\/div>\r\n\r\n        <\/a><\/div>    <style>\r\n                    #ich-14414-0 {\r\n                padding-right: 10px;\r\n                padding-bottom: 10px;\r\n            }\r\n                #ich-14414-0 .wcp-caption-plugin {\r\n            border-width: ;\r\n            border-style: ;\r\n            border-color: ;\r\n            border-radius: ;\r\n            box-shadow: ;\r\n            width: 100%;\r\n            height: auto;\r\n            margin: 0;\r\n        }\r\n        #ich-14414-0 .caption {\r\n            border-radius: ;\r\n            background-color: #d489aa;\r\n            color: #ffffff !important;\r\n            -webkit-transition-duration: ; \/* Safari *\/\r\n            transition-duration: ;\r\n            height: 100%;\r\n            top: ;\r\n            bottom: ;\r\n        }\r\n        #ich-14414-0 .caption .centered-text {\r\n            text-align: auto;\r\n        }\r\n        #ich-14414-0 .caption .centered-text * {\r\n            color: #ffffff !important;\r\n        }\r\n        #ich-14414-0 .wcp-caption-image {\r\n            -webkit-transition-duration: ;\r\n            transition-duration: ;\r\n            border-radius: ;\r\n            height: ;\r\n            width: ;\r\n        }\r\n    <\/style>                \r\n            <\/div>\r\n                    <div class=\"mason-item col-1-1\" id=\"ich-14414-1\">\r\n                <div     class=\"wcp-caption-plugin \"\r\n    ontouchstart=\"\"\r\n    id=\"wcp-widget-14414-1\">\r\n        <a rel=\"prettyPhoto[14414]\" href=\"https:\/\/clinicalaserdepiel.com.co\/esp\/wp-content\/uploads\/2021\/08\/Depilacion-laser-10.jpg\" target=\"_blank\">            <div class=\"image-caption-box\">\r\n                <div class=\"caption zoom-and-pan\">\r\n                    <div class=\"as-tble\">\r\n                                    <div class=\"centered-text\">\r\n                <h2 style=\"text-transform: uppercase; color: #e6d9ca; text-align: center; position: relative; font-size: 24px; margin: 10px;\">depilaci\u00f3n l\u00e1ser<\/h2>\r\n<p style=\"font-size: 14px; color: #fff; text-align: center; margin: 0 !important;\">-Antes y despu\u00e9s -<\/p>\r\n<p style=\"font-size: 14px; color: #fff; text-align: center;\">- Click para ver la imagen -<\/p>            <\/div>\r\n                            <\/div>\r\n                <\/div>\r\n                <img decoding=\"async\" class=\"wcp-caption-image\"\r\n                    src=\"https:\/\/clinicalaserdepiel.com.co\/esp\/wp-content\/uploads\/2021\/08\/Depilacion-laser-10.jpg\"\r\n                    title=\"\"\r\n                    alt=\"\"\/>\r\n            <\/div>\r\n\r\n        <\/a><\/div>    <style>\r\n                    #ich-14414-1 {\r\n                padding-right: 10px;\r\n                padding-bottom: 10px;\r\n            }\r\n                #ich-14414-1 .wcp-caption-plugin {\r\n            border-width: ;\r\n            border-style: ;\r\n            border-color: ;\r\n            border-radius: ;\r\n            box-shadow: ;\r\n            width: 100%;\r\n            height: auto;\r\n            margin: 0;\r\n        }\r\n        #ich-14414-1 .caption {\r\n            border-radius: ;\r\n            background-color: #d489aa;\r\n            color: #ffffff !important;\r\n            -webkit-transition-duration: ; \/* Safari *\/\r\n            transition-duration: ;\r\n            height: 100%;\r\n            top: ;\r\n            bottom: ;\r\n        }\r\n        #ich-14414-1 .caption .centered-text {\r\n            text-align: auto;\r\n        }\r\n        #ich-14414-1 .caption .centered-text * {\r\n            color: #ffffff !important;\r\n        }\r\n        #ich-14414-1 .wcp-caption-image {\r\n            -webkit-transition-duration: ;\r\n            transition-duration: ;\r\n            border-radius: ;\r\n            height: ;\r\n            width: ;\r\n        }\r\n    <\/style>                \r\n            <\/div>\r\n                    <div class=\"mason-item col-1-1\" id=\"ich-14414-2\">\r\n                <div     class=\"wcp-caption-plugin \"\r\n    ontouchstart=\"\"\r\n    id=\"wcp-widget-14414-2\">\r\n        <a rel=\"prettyPhoto[14414]\" href=\"https:\/\/clinicalaserdepiel.com.co\/esp\/wp-content\/uploads\/2021\/08\/Depilacion-laser-3.jpg\" target=\"_blank\">            <div class=\"image-caption-box\">\r\n                <div class=\"caption zoom-and-pan\">\r\n                    <div class=\"as-tble\">\r\n                                    <div class=\"centered-text\">\r\n                <h2 style=\"text-transform: uppercase; color: #e6d9ca; text-align: center; position: relative; font-size: 24px; margin: 10px;\">depilaci\u00f3n l\u00e1ser<\/h2>\r\n<p style=\"font-size: 14px; color: #fff; text-align: center; margin: 0 !important;\">-Antes y despu\u00e9s -<\/p>\r\n<p style=\"font-size: 14px; color: #fff; text-align: center;\">- Click para ver la imagen -<\/p>            <\/div>\r\n                            <\/div>\r\n                <\/div>\r\n                <img decoding=\"async\" class=\"wcp-caption-image\"\r\n                    src=\"\"\r\n                    title=\"\"\r\n                    alt=\"\"\/>\r\n            <\/div>\r\n\r\n        <\/a><\/div>    <style>\r\n                    #ich-14414-2 {\r\n                padding-right: 10px;\r\n                padding-bottom: 10px;\r\n            }\r\n                #ich-14414-2 .wcp-caption-plugin {\r\n            border-width: ;\r\n            border-style: ;\r\n            border-color: ;\r\n            border-radius: ;\r\n            box-shadow: ;\r\n            width: 100%;\r\n            height: auto;\r\n            margin: 0;\r\n        }\r\n        #ich-14414-2 .caption {\r\n            border-radius: ;\r\n            background-color: #d489aa;\r\n            color: #ffffff !important;\r\n            -webkit-transition-duration: ; \/* Safari *\/\r\n            transition-duration: ;\r\n            height: 100%;\r\n            top: ;\r\n            bottom: ;\r\n        }\r\n        #ich-14414-2 .caption .centered-text {\r\n            text-align: auto;\r\n        }\r\n        #ich-14414-2 .caption .centered-text * {\r\n            color: #ffffff !important;\r\n        }\r\n        #ich-14414-2 .wcp-caption-image {\r\n            -webkit-transition-duration: ;\r\n            transition-duration: ;\r\n            border-radius: ;\r\n            height: ;\r\n            width: ;\r\n        }\r\n    <\/style>                \r\n            <\/div>\r\n                    <div class=\"mason-item col-1-1\" id=\"ich-14414-3\">\r\n                <div     class=\"wcp-caption-plugin \"\r\n    ontouchstart=\"\"\r\n    id=\"wcp-widget-14414-3\">\r\n        <a rel=\"prettyPhoto[14414]\" href=\"https:\/\/clinicalaserdepiel.com.co\/esp\/wp-content\/uploads\/2021\/08\/Depilacion-laser-4.jpg\" target=\"_blank\">            <div class=\"image-caption-box\">\r\n                <div class=\"caption zoom-and-pan\">\r\n                    <div class=\"as-tble\">\r\n                                    <div class=\"centered-text\">\r\n                <h2 style=\"text-transform: uppercase; color: #e6d9ca; text-align: center; position: relative; font-size: 24px; margin: 10px;\">depilaci\u00f3n l\u00e1ser<\/h2>\r\n<p style=\"font-size: 14px; color: #fff; text-align: center; margin: 0 !important;\">-Antes y despu\u00e9s -<\/p>\r\n<p style=\"font-size: 14px; color: #fff; text-align: center;\">- Click para ver la imagen -<\/p>            <\/div>\r\n                            <\/div>\r\n                <\/div>\r\n                <img decoding=\"async\" class=\"wcp-caption-image\"\r\n                    src=\"\"\r\n                    title=\"\"\r\n                    alt=\"\"\/>\r\n            <\/div>\r\n\r\n        <\/a><\/div>    <style>\r\n                    #ich-14414-3 {\r\n                padding-right: 10px;\r\n                padding-bottom: 10px;\r\n            }\r\n                #ich-14414-3 .wcp-caption-plugin {\r\n            border-width: ;\r\n            border-style: ;\r\n            border-color: ;\r\n            border-radius: ;\r\n            box-shadow: ;\r\n            width: 100%;\r\n            height: auto;\r\n            margin: 0;\r\n        }\r\n        #ich-14414-3 .caption {\r\n            border-radius: ;\r\n            background-color: #d489aa;\r\n            color: #ffffff !important;\r\n            -webkit-transition-duration: ; \/* Safari *\/\r\n            transition-duration: ;\r\n            height: 100%;\r\n            top: ;\r\n            bottom: ;\r\n        }\r\n        #ich-14414-3 .caption .centered-text {\r\n            text-align: auto;\r\n        }\r\n        #ich-14414-3 .caption .centered-text * {\r\n            color: #ffffff !important;\r\n        }\r\n        #ich-14414-3 .wcp-caption-image {\r\n            -webkit-transition-duration: ;\r\n            transition-duration: ;\r\n            border-radius: ;\r\n            height: ;\r\n            width: ;\r\n        }\r\n    <\/style>                \r\n            <\/div>\r\n                    <div class=\"mason-item col-1-1\" id=\"ich-14414-4\">\r\n                <div     class=\"wcp-caption-plugin \"\r\n    ontouchstart=\"\"\r\n    id=\"wcp-widget-14414-4\">\r\n        <a rel=\"prettyPhoto[14414]\" href=\"https:\/\/clinicalaserdepiel.com.co\/esp\/wp-content\/uploads\/2021\/08\/Depilacion-laser-5.jpg\" target=\"_blank\">            <div class=\"image-caption-box\">\r\n                <div class=\"caption zoom-and-pan\">\r\n                    <div class=\"as-tble\">\r\n                                    <div class=\"centered-text\">\r\n                <h2 style=\"text-transform: uppercase; color: #e6d9ca; text-align: center; position: relative; font-size: 24px; margin: 10px;\">depilaci\u00f3n l\u00e1ser<\/h2>\r\n<p style=\"font-size: 14px; color: #fff; text-align: center; margin: 0 !important;\">-Antes y despu\u00e9s -<\/p>\r\n<p style=\"font-size: 14px; color: #fff; text-align: center;\">- Click para ver la imagen -<\/p>            <\/div>\r\n                            <\/div>\r\n                <\/div>\r\n                <img decoding=\"async\" class=\"wcp-caption-image\"\r\n                    src=\"\"\r\n                    title=\"\"\r\n                    alt=\"\"\/>\r\n            <\/div>\r\n\r\n        <\/a><\/div>    <style>\r\n                    #ich-14414-4 {\r\n                padding-right: 10px;\r\n                padding-bottom: 10px;\r\n            }\r\n                #ich-14414-4 .wcp-caption-plugin {\r\n            border-width: ;\r\n            border-style: ;\r\n            border-color: ;\r\n            border-radius: ;\r\n            box-shadow: ;\r\n            width: 100%;\r\n            height: auto;\r\n            margin: 0;\r\n        }\r\n        #ich-14414-4 .caption {\r\n            border-radius: ;\r\n            background-color: #d489aa;\r\n            color: #ffffff !important;\r\n            -webkit-transition-duration: ; \/* Safari *\/\r\n            transition-duration: ;\r\n            height: 100%;\r\n            top: ;\r\n            bottom: ;\r\n        }\r\n        #ich-14414-4 .caption .centered-text {\r\n            text-align: auto;\r\n        }\r\n        #ich-14414-4 .caption .centered-text * {\r\n            color: #ffffff !important;\r\n        }\r\n        #ich-14414-4 .wcp-caption-image {\r\n            -webkit-transition-duration: ;\r\n            transition-duration: ;\r\n            border-radius: ;\r\n            height: ;\r\n            width: ;\r\n        }\r\n    <\/style>                \r\n            <\/div>\r\n                    <div class=\"mason-item col-1-1\" id=\"ich-14414-5\">\r\n                <div     class=\"wcp-caption-plugin \"\r\n    ontouchstart=\"\"\r\n    id=\"wcp-widget-14414-5\">\r\n        <a rel=\"prettyPhoto[14414]\" href=\"https:\/\/clinicalaserdepiel.com.co\/esp\/wp-content\/uploads\/2021\/08\/Depilacion-laser-6.jpg\" target=\"_blank\">            <div class=\"image-caption-box\">\r\n                <div class=\"caption zoom-and-pan\">\r\n                    <div class=\"as-tble\">\r\n                                    <div class=\"centered-text\">\r\n                <h2 style=\"text-transform: uppercase; color: #e6d9ca; text-align: center; position: relative; font-size: 24px; margin: 10px;\">depilaci\u00f3n l\u00e1ser<\/h2>\r\n<p style=\"font-size: 14px; color: #fff; text-align: center; margin: 0 !important;\">-Antes y despu\u00e9s -<\/p>\r\n<p style=\"font-size: 14px; color: #fff; text-align: center;\">- Click para ver la imagen -<\/p>            <\/div>\r\n                            <\/div>\r\n                <\/div>\r\n                <img decoding=\"async\" class=\"wcp-caption-image\"\r\n                    src=\"\"\r\n                    title=\"\"\r\n                    alt=\"\"\/>\r\n            <\/div>\r\n\r\n        <\/a><\/div>    <style>\r\n                    #ich-14414-5 {\r\n                padding-right: 10px;\r\n                padding-bottom: 10px;\r\n            }\r\n                #ich-14414-5 .wcp-caption-plugin {\r\n            border-width: ;\r\n            border-style: ;\r\n            border-color: ;\r\n            border-radius: ;\r\n            box-shadow: ;\r\n            width: 100%;\r\n            height: auto;\r\n            margin: 0;\r\n        }\r\n        #ich-14414-5 .caption {\r\n            border-radius: ;\r\n            background-color: #d489aa;\r\n            color: #ffffff !important;\r\n            -webkit-transition-duration: ; \/* Safari *\/\r\n            transition-duration: ;\r\n            height: 100%;\r\n            top: ;\r\n            bottom: ;\r\n        }\r\n        #ich-14414-5 .caption .centered-text {\r\n            text-align: auto;\r\n        }\r\n        #ich-14414-5 .caption .centered-text * {\r\n            color: #ffffff !important;\r\n        }\r\n        #ich-14414-5 .wcp-caption-image {\r\n            -webkit-transition-duration: ;\r\n            transition-duration: ;\r\n            border-radius: ;\r\n            height: ;\r\n            width: ;\r\n        }\r\n    <\/style>                \r\n            <\/div>\r\n                    <div class=\"mason-item col-1-1\" id=\"ich-14414-6\">\r\n                <div     class=\"wcp-caption-plugin \"\r\n    ontouchstart=\"\"\r\n    id=\"wcp-widget-14414-6\">\r\n        <a rel=\"prettyPhoto[14414]\" href=\"https:\/\/clinicalaserdepiel.com.co\/esp\/wp-content\/uploads\/2021\/08\/Depilacion-laser-7.jpg\" target=\"_blank\">            <div class=\"image-caption-box\">\r\n                <div class=\"caption zoom-and-pan\">\r\n                    <div class=\"as-tble\">\r\n                                    <div class=\"centered-text\">\r\n                <h2 style=\"text-transform: uppercase; color: #e6d9ca; text-align: center; position: relative; font-size: 24px; margin: 10px;\">depilaci\u00f3n l\u00e1ser<\/h2>\r\n<p style=\"font-size: 14px; color: #fff; text-align: center; margin: 0 !important;\">-Antes y despu\u00e9s -<\/p>\r\n<p style=\"font-size: 14px; color: #fff; text-align: center;\">- Click para ver la imagen -<\/p>            <\/div>\r\n                            <\/div>\r\n                <\/div>\r\n                <img decoding=\"async\" class=\"wcp-caption-image\"\r\n                    src=\"\"\r\n                    title=\"\"\r\n                    alt=\"\"\/>\r\n            <\/div>\r\n\r\n        <\/a><\/div>    <style>\r\n                    #ich-14414-6 {\r\n                padding-right: 10px;\r\n                padding-bottom: 10px;\r\n            }\r\n                #ich-14414-6 .wcp-caption-plugin {\r\n            border-width: ;\r\n            border-style: ;\r\n            border-color: ;\r\n            border-radius: ;\r\n            box-shadow: ;\r\n            width: 100%;\r\n            height: auto;\r\n            margin: 0;\r\n        }\r\n        #ich-14414-6 .caption {\r\n            border-radius: ;\r\n            background-color: #d489aa;\r\n            color: #ffffff !important;\r\n            -webkit-transition-duration: ; \/* Safari *\/\r\n            transition-duration: ;\r\n            height: 100%;\r\n            top: ;\r\n            bottom: ;\r\n        }\r\n        #ich-14414-6 .caption .centered-text {\r\n            text-align: auto;\r\n        }\r\n        #ich-14414-6 .caption .centered-text * {\r\n            color: #ffffff !important;\r\n        }\r\n        #ich-14414-6 .wcp-caption-image {\r\n            -webkit-transition-duration: ;\r\n            transition-duration: ;\r\n            border-radius: ;\r\n            height: ;\r\n            width: ;\r\n        }\r\n    <\/style>                \r\n            <\/div>\r\n                    <div class=\"mason-item col-1-1\" id=\"ich-14414-7\">\r\n                <div     class=\"wcp-caption-plugin \"\r\n    ontouchstart=\"\"\r\n    id=\"wcp-widget-14414-7\">\r\n        <a rel=\"prettyPhoto[14414]\" href=\"https:\/\/clinicalaserdepiel.com.co\/esp\/wp-content\/uploads\/2021\/08\/Depilacion-laser-8.jpg\" target=\"_blank\">            <div class=\"image-caption-box\">\r\n                <div class=\"caption zoom-and-pan\">\r\n                    <div class=\"as-tble\">\r\n                                    <div class=\"centered-text\">\r\n                <h2 style=\"text-transform: uppercase; color: #e6d9ca; text-align: center; position: relative; font-size: 24px; margin: 10px;\">depilaci\u00f3n l\u00e1ser<\/h2>\r\n<p style=\"font-size: 14px; color: #fff; text-align: center; margin: 0 !important;\">-Antes y despu\u00e9s -<\/p>\r\n<p style=\"font-size: 14px; color: #fff; text-align: center;\">- Click para ver la imagen -<\/p>            <\/div>\r\n                            <\/div>\r\n                <\/div>\r\n                <img decoding=\"async\" class=\"wcp-caption-image\"\r\n                    src=\"\"\r\n                    title=\"\"\r\n                    alt=\"\"\/>\r\n            <\/div>\r\n\r\n        <\/a><\/div>    <style>\r\n                    #ich-14414-7 {\r\n                padding-right: 10px;\r\n                padding-bottom: 10px;\r\n            }\r\n                #ich-14414-7 .wcp-caption-plugin {\r\n            border-width: ;\r\n            border-style: ;\r\n            border-color: ;\r\n            border-radius: ;\r\n            box-shadow: ;\r\n            width: 100%;\r\n            height: auto;\r\n            margin: 0;\r\n        }\r\n        #ich-14414-7 .caption {\r\n            border-radius: ;\r\n            background-color: #d489aa;\r\n            color: #ffffff !important;\r\n            -webkit-transition-duration: ; \/* Safari *\/\r\n            transition-duration: ;\r\n            height: 100%;\r\n            top: ;\r\n            bottom: ;\r\n        }\r\n        #ich-14414-7 .caption .centered-text {\r\n            text-align: auto;\r\n        }\r\n        #ich-14414-7 .caption .centered-text * {\r\n            color: #ffffff !important;\r\n        }\r\n        #ich-14414-7 .wcp-caption-image {\r\n            -webkit-transition-duration: ;\r\n            transition-duration: ;\r\n            border-radius: ;\r\n            height: ;\r\n            width: ;\r\n        }\r\n    <\/style>                \r\n            <\/div>\r\n                    <div class=\"mason-item col-1-1\" id=\"ich-14414-8\">\r\n                <div     class=\"wcp-caption-plugin \"\r\n    ontouchstart=\"\"\r\n    id=\"wcp-widget-14414-8\">\r\n        <a rel=\"prettyPhoto[14414]\" href=\"https:\/\/clinicalaserdepiel.com.co\/esp\/wp-content\/uploads\/2021\/08\/Depilacion-laser-9.jpg\" target=\"_blank\">            <div class=\"image-caption-box\">\r\n                <div class=\"caption zoom-and-pan\">\r\n                    <div class=\"as-tble\">\r\n                                    <div class=\"centered-text\">\r\n                <h2 style=\"text-transform: uppercase; color: #e6d9ca; text-align: center; position: relative; font-size: 24px; margin: 10px;\">depilaci\u00f3n l\u00e1ser<\/h2>\r\n<p style=\"font-size: 14px; color: #fff; text-align: center; margin: 0 !important;\">-Antes y despu\u00e9s -<\/p>\r\n<p style=\"font-size: 14px; color: #fff; text-align: center;\">- Click para ver la imagen -<\/p>            <\/div>\r\n                            <\/div>\r\n                <\/div>\r\n                <img decoding=\"async\" class=\"wcp-caption-image\"\r\n                    src=\"https:\/\/clinicalaserdepiel.com.co\/esp\/wp-content\/uploads\/2021\/08\/Depilacion-laser-9.jpg\"\r\n                    title=\"\"\r\n                    alt=\"\"\/>\r\n            <\/div>\r\n\r\n        <\/a><\/div>    <style>\r\n                    #ich-14414-8 {\r\n                padding-right: 10px;\r\n                padding-bottom: 10px;\r\n            }\r\n                #ich-14414-8 .wcp-caption-plugin {\r\n            border-width: ;\r\n            border-style: ;\r\n            border-color: ;\r\n            border-radius: ;\r\n            box-shadow: ;\r\n            width: 100%;\r\n            height: auto;\r\n            margin: 0;\r\n        }\r\n        #ich-14414-8 .caption {\r\n            border-radius: ;\r\n            background-color: #d489aa;\r\n            color: #ffffff !important;\r\n            -webkit-transition-duration: ; \/* Safari *\/\r\n            transition-duration: ;\r\n            height: 100%;\r\n            top: ;\r\n            bottom: ;\r\n        }\r\n        #ich-14414-8 .caption .centered-text {\r\n            text-align: auto;\r\n        }\r\n        #ich-14414-8 .caption .centered-text * {\r\n            color: #ffffff !important;\r\n        }\r\n        #ich-14414-8 .wcp-caption-image {\r\n            -webkit-transition-duration: ;\r\n            transition-duration: ;\r\n            border-radius: ;\r\n            height: ;\r\n            width: ;\r\n        }\r\n    <\/style>                \r\n            <\/div>\r\n                    <div class=\"mason-item col-1-1\" id=\"ich-14414-9\">\r\n                <div     class=\"wcp-caption-plugin \"\r\n    ontouchstart=\"\"\r\n    id=\"wcp-widget-14414-9\">\r\n        <a rel=\"prettyPhoto[14414]\" href=\"https:\/\/clinicalaserdepiel.com.co\/esp\/wp-content\/uploads\/2021\/08\/Depilacion-laser-10.jpg\" target=\"_blank\">            <div class=\"image-caption-box\">\r\n                <div class=\"caption zoom-and-pan\">\r\n                    <div class=\"as-tble\">\r\n                                    <div class=\"centered-text\">\r\n                <h2 style=\"text-transform: uppercase; color: #e6d9ca; text-align: center; position: relative; font-size: 24px; margin: 10px;\">depilaci\u00f3n l\u00e1ser<\/h2>\r\n<p style=\"font-size: 14px; color: #fff; text-align: center; margin: 0 !important;\">-Antes y despu\u00e9s -<\/p>\r\n<p style=\"font-size: 14px; color: #fff; text-align: center;\">- Click para ver la imagen -<\/p>            <\/div>\r\n                            <\/div>\r\n                <\/div>\r\n                <img decoding=\"async\" class=\"wcp-caption-image\"\r\n                    src=\"https:\/\/clinicalaserdepiel.com.co\/esp\/wp-content\/uploads\/2021\/08\/Depilacion-laser-10.jpg\"\r\n                    title=\"\"\r\n                    alt=\"\"\/>\r\n            <\/div>\r\n\r\n        <\/a><\/div>    <style>\r\n                    #ich-14414-9 {\r\n                padding-right: 10px;\r\n                padding-bottom: 10px;\r\n            }\r\n                #ich-14414-9 .wcp-caption-plugin {\r\n            border-width: ;\r\n            border-style: ;\r\n            border-color: ;\r\n            border-radius: ;\r\n            box-shadow: ;\r\n            width: 100%;\r\n            height: auto;\r\n            margin: 0;\r\n        }\r\n        #ich-14414-9 .caption {\r\n            border-radius: ;\r\n            background-color: #d489aa;\r\n            color: #ffffff !important;\r\n            -webkit-transition-duration: ; \/* Safari *\/\r\n            transition-duration: ;\r\n            height: 100%;\r\n            top: ;\r\n            bottom: ;\r\n        }\r\n        #ich-14414-9 .caption .centered-text {\r\n            text-align: auto;\r\n        }\r\n        #ich-14414-9 .caption .centered-text * {\r\n            color: #ffffff !important;\r\n        }\r\n        #ich-14414-9 .wcp-caption-image {\r\n            -webkit-transition-duration: ;\r\n            transition-duration: ;\r\n            border-radius: ;\r\n            height: ;\r\n            width: ;\r\n        }\r\n    <\/style>                \r\n            <\/div>\r\n            <\/div>\r\n<\/div>\r\n<style>\r\n    .ich-main-244 {\r\n        padding-top: 10px;padding-left: 10px;padding-right: 0px;    }\r\n<\/style>\r\n<div class=\"clearfix\"><\/div>\r\n\r\n    <style>\r\n        #ich-14414-1,\r\n#ich-14414-2,\r\n#ich-14414-3,\r\n#ich-14414-4,\r\n#ich-14414-5,\r\n#ich-14414-6,\r\n#ich-14414-7 {\r\n display: none;\r\n}\r\n    <\/style>\r\n[\/vc_column_text][vc_empty_space][vc_column_text]<div class=\"ich-prefix grid-rel\">\r\n    <div class=\"grid grid-pad wcp-fgg-wrap  ich-main-1683\">\r\n                    <div class=\"mason-item col-1-1\" id=\"ich-14419-0\">\r\n                <div     class=\"wcp-caption-plugin \"\r\n    ontouchstart=\"\"\r\n    id=\"wcp-widget-14419-0\">\r\n                    <div class=\"image-caption-box\">\r\n                <div class=\"caption zoom-and-pan\">\r\n                    <div class=\"as-tble\">\r\n                                    <div class=\"centered-text\">\r\n                <h2 style=\"text-transform: uppercase; color: #e6d9ca; text-align: center; position: relative; font-size: 24px; margin: 10px;\">depilaci\u00f3n l\u00e1ser<\/h2>\r\n<p style=\"font-size: 14px; color: #fff; text-align: center; margin: 0 !important;\">-Antes y despu\u00e9s -<\/p>\r\n<p style=\"font-size: 14px; color: #fff; text-align: center;\">- Click para ver la imagen -<\/p>            <\/div>\r\n                            <\/div>\r\n                <\/div>\r\n                <img decoding=\"async\" class=\"wcp-caption-image\"\r\n                    src=\"https:\/\/clinicalaserdepiel.com.co\/esp\/wp-content\/uploads\/2020\/01\/Antes-y-Despues1.jpg\"\r\n                    title=\"\"\r\n                    alt=\"\"\/>\r\n            <\/div>\r\n\r\n        <\/div>    <style>\r\n                    #ich-14419-0 {\r\n                padding-right: 10px;\r\n                padding-bottom: 10px;\r\n            }\r\n                #ich-14419-0 .wcp-caption-plugin {\r\n            border-width: ;\r\n            border-style: ;\r\n            border-color: ;\r\n            border-radius: ;\r\n            box-shadow: ;\r\n            width: 100%;\r\n            height: auto;\r\n            margin: 0;\r\n        }\r\n        #ich-14419-0 .caption {\r\n            border-radius: ;\r\n            background-color: #d489aa;\r\n            color: #ffffff !important;\r\n            -webkit-transition-duration: ; \/* Safari *\/\r\n            transition-duration: ;\r\n            height: 100%;\r\n            top: ;\r\n            bottom: ;\r\n        }\r\n        #ich-14419-0 .caption .centered-text {\r\n            text-align: auto;\r\n        }\r\n        #ich-14419-0 .caption .centered-text * {\r\n            color: #ffffff !important;\r\n        }\r\n        #ich-14419-0 .wcp-caption-image {\r\n            -webkit-transition-duration: ;\r\n            transition-duration: ;\r\n            border-radius: ;\r\n            height: ;\r\n            width: ;\r\n        }\r\n    <\/style>                \r\n            <\/div>\r\n            <\/div>\r\n<\/div>\r\n<style>\r\n    .ich-main-1683 {\r\n        padding-top: 10px;padding-left: 10px;padding-right: 0px;    }\r\n<\/style>\r\n<div class=\"clearfix\"><\/div>\r\n\r\n[\/vc_column_text][vc_empty_space][vc_column_text]<div class=\"ich-prefix grid-rel\">\r\n    <div class=\"grid grid-pad wcp-fgg-wrap  ich-main-1761\">\r\n                    <div class=\"mason-item col-1-1\" id=\"ich-14420-0\">\r\n                <div     class=\"wcp-caption-plugin \"\r\n    ontouchstart=\"\"\r\n    id=\"wcp-widget-14420-0\">\r\n                    <div class=\"image-caption-box\">\r\n                <div class=\"caption zoom-and-pan\">\r\n                    <div class=\"as-tble\">\r\n                                    <div class=\"centered-text\">\r\n                <h2 style=\"text-transform: uppercase; color: #e6d9ca; text-align: center; position: relative; font-size: 24px; margin: 10px;\">depilaci\u00f3n l\u00e1ser<\/h2>\r\n<p style=\"font-size: 14px; color: #fff; text-align: center; margin: 0 !important;\">-Antes y despu\u00e9s -<\/p>\r\n<p style=\"font-size: 14px; color: #fff; text-align: center;\">- Click para ver la imagen -<\/p>            <\/div>\r\n                            <\/div>\r\n                <\/div>\r\n                <img decoding=\"async\" class=\"wcp-caption-image\"\r\n                    src=\"https:\/\/clinicalaserdepiel.com.co\/esp\/wp-content\/uploads\/2020\/01\/Antes-y-Despues-3_large.jpg\"\r\n                    title=\"\"\r\n                    alt=\"\"\/>\r\n            <\/div>\r\n\r\n        <\/div>    <style>\r\n                    #ich-14420-0 {\r\n                padding-right: 10px;\r\n                padding-bottom: 10px;\r\n            }\r\n                #ich-14420-0 .wcp-caption-plugin {\r\n            border-width: ;\r\n            border-style: ;\r\n            border-color: ;\r\n            border-radius: ;\r\n            box-shadow: ;\r\n            width: 100%;\r\n            height: auto;\r\n            margin: 0;\r\n        }\r\n        #ich-14420-0 .caption {\r\n            border-radius: ;\r\n            background-color: #d489aa;\r\n            color: #ffffff !important;\r\n            -webkit-transition-duration: ; \/* Safari *\/\r\n            transition-duration: ;\r\n            height: 100%;\r\n            top: ;\r\n            bottom: ;\r\n        }\r\n        #ich-14420-0 .caption .centered-text {\r\n            text-align: auto;\r\n        }\r\n        #ich-14420-0 .caption .centered-text * {\r\n            color: #ffffff !important;\r\n        }\r\n        #ich-14420-0 .wcp-caption-image {\r\n            -webkit-transition-duration: ;\r\n            transition-duration: ;\r\n            border-radius: ;\r\n            height: ;\r\n            width: ;\r\n        }\r\n    <\/style>                \r\n            <\/div>\r\n            <\/div>\r\n<\/div>\r\n<style>\r\n    .ich-main-1761 {\r\n        padding-top: 10px;padding-left: 10px;padding-right: 0px;    }\r\n<\/style>\r\n<div class=\"clearfix\"><\/div>\r\n\r\n[\/vc_column_text][vc_empty_space][vc_column_text]<div class=\"ich-prefix grid-rel\">\r\n    <div class=\"grid grid-pad wcp-fgg-wrap  ich-main-507\">\r\n                    <div class=\"mason-item col-1-1\" id=\"ich-14421-0\">\r\n                <div     class=\"wcp-caption-plugin \"\r\n    ontouchstart=\"\"\r\n    id=\"wcp-widget-14421-0\">\r\n                    <div class=\"image-caption-box\">\r\n                <div class=\"caption zoom-and-pan\">\r\n                    <div class=\"as-tble\">\r\n                                    <div class=\"centered-text\">\r\n                <h2 style=\"text-transform: uppercase; color: #e6d9ca; text-align: center; position: relative; font-size: 24px; margin: 10px;\">depilaci\u00f3n l\u00e1ser<\/h2>\r\n<p style=\"font-size: 14px; color: #fff; text-align: center; margin: 0 !important;\">-Antes y despu\u00e9s -<\/p>\r\n<p style=\"font-size: 14px; color: #fff; text-align: center;\">- Click para ver la imagen -<\/p>            <\/div>\r\n                            <\/div>\r\n                <\/div>\r\n                <img decoding=\"async\" class=\"wcp-caption-image\"\r\n                    src=\"https:\/\/clinicalaserdepiel.com.co\/esp\/wp-content\/uploads\/2020\/01\/Antes-y-Despues-4.jpg\"\r\n                    title=\"\"\r\n                    alt=\"\"\/>\r\n            <\/div>\r\n\r\n        <\/div>    <style>\r\n                    #ich-14421-0 {\r\n                padding-right: 10px;\r\n                padding-bottom: 10px;\r\n            }\r\n                #ich-14421-0 .wcp-caption-plugin {\r\n            border-width: ;\r\n            border-style: ;\r\n            border-color: ;\r\n            border-radius: ;\r\n            box-shadow: ;\r\n            width: 100%;\r\n            height: auto;\r\n            margin: 0;\r\n        }\r\n        #ich-14421-0 .caption {\r\n            border-radius: ;\r\n            background-color: #d489aa;\r\n            color: #ffffff !important;\r\n            -webkit-transition-duration: ; \/* Safari *\/\r\n            transition-duration: ;\r\n            height: 100%;\r\n            top: ;\r\n            bottom: ;\r\n        }\r\n        #ich-14421-0 .caption .centered-text {\r\n            text-align: auto;\r\n        }\r\n        #ich-14421-0 .caption .centered-text * {\r\n            color: #ffffff !important;\r\n        }\r\n        #ich-14421-0 .wcp-caption-image {\r\n            -webkit-transition-duration: ;\r\n            transition-duration: ;\r\n            border-radius: ;\r\n            height: ;\r\n            width: ;\r\n        }\r\n    <\/style>                \r\n            <\/div>\r\n            <\/div>\r\n<\/div>\r\n<style>\r\n    .ich-main-507 {\r\n        padding-top: 10px;padding-left: 10px;padding-right: 0px;    }\r\n<\/style>\r\n<div class=\"clearfix\"><\/div>\r\n\r\n[\/vc_column_text][vc_empty_space]\n<div class=\"wpcf7 no-js\" id=\"wpcf7-f14168-o1\" lang=\"es-CO\" dir=\"ltr\">\n<div class=\"screen-reader-response\"><p role=\"status\" aria-live=\"polite\" aria-atomic=\"true\"><\/p> <ul><\/ul><\/div>\n<form action=\"\/esp\/wp-json\/wp\/v2\/pages\/13340#wpcf7-f14168-o1\" method=\"post\" class=\"wpcf7-form init\" aria-label=\"Formulario de contacto\" novalidate=\"novalidate\" data-status=\"init\">\n<div style=\"display: none;\">\n<input type=\"hidden\" name=\"_wpcf7\" value=\"14168\" \/>\n<input type=\"hidden\" name=\"_wpcf7_version\" value=\"5.9.8\" \/>\n<input type=\"hidden\" name=\"_wpcf7_locale\" value=\"es_CO\" \/>\n<input type=\"hidden\" name=\"_wpcf7_unit_tag\" value=\"wpcf7-f14168-o1\" \/>\n<input type=\"hidden\" name=\"_wpcf7_container_post\" value=\"0\" \/>\n<input type=\"hidden\" name=\"_wpcf7_posted_data_hash\" value=\"\" \/>\n<input type=\"hidden\" name=\"_wpcf7_recaptcha_response\" value=\"\" \/>\n<\/div>\n<h2 class=\"titulos\" style=\"line-height:4vh; text-align:center; color:rgb(59 72 147)!important;\">\u00bfTiene preguntas? Cont\u00e1ctenos\n<\/h2>\n<div class=\"form__container\">\n\t<div class=\"form__home__group\">\n\t\t<p><label> \u00bfEres paciente de Cl\u00ednica L\u00e1ser de Piel Colombia?<\/label><br \/>\n<span class=\"wpcf7-form-control-wrap\" data-name=\"radio-230\"><span class=\"wpcf7-form-control wpcf7-radio\"><span class=\"wpcf7-list-item first\"><input type=\"radio\" name=\"radio-230\" value=\"Si\" checked=\"checked\" \/><span class=\"wpcf7-list-item-label\">Si<\/span><\/span><span class=\"wpcf7-list-item last\"><input type=\"radio\" name=\"radio-230\" value=\"No\" \/><span class=\"wpcf7-list-item-label\">No<\/span><\/span><\/span><\/span>\n\t\t<\/p>\n\t<\/div>\n\t<div class=\"form__home__group\">\n\t\t<p><span class=\"wpcf7-form-control-wrap\" data-name=\"your-name\"><input size=\"40\" maxlength=\"400\" class=\"wpcf7-form-control wpcf7-text wpcf7-validates-as-required\" aria-required=\"true\" aria-invalid=\"false\" placeholder=\"Nombres\" value=\"\" type=\"text\" name=\"your-name\" \/><\/span>\n\t\t<\/p>\n\t\t<p><span class=\"wpcf7-form-control-wrap\" data-name=\"tel-834\"><input size=\"40\" maxlength=\"400\" class=\"wpcf7-form-control wpcf7-tel wpcf7-validates-as-required wpcf7-text wpcf7-validates-as-tel\" aria-required=\"true\" aria-invalid=\"false\" placeholder=\"Tel\u00e9fono\" value=\"\" type=\"tel\" name=\"tel-834\" \/><\/span>\n\t\t<\/p>\n\t<\/div>\n\t<div class=\"form__home__group\">\n\t\t<p><span class=\"wpcf7-form-control-wrap\" data-name=\"your-email\"><input size=\"40\" maxlength=\"400\" class=\"wpcf7-form-control wpcf7-email wpcf7-validates-as-required wpcf7-text wpcf7-validates-as-email\" aria-required=\"true\" aria-invalid=\"false\" placeholder=\"Correo\" value=\"\" type=\"email\" name=\"your-email\" \/><\/span>\n\t\t<\/p>\n\t<\/div>\n\t<div class=\"form__home__group\">\n\t\t<p><span class=\"wpcf7-form-control-wrap\" data-name=\"ciudad\"><select class=\"wpcf7-form-control wpcf7-select wpcf7-validates-as-required placeholder-style\" aria-required=\"true\" aria-invalid=\"false\" name=\"ciudad\"><option value=\"\">\u00bfEn qu\u00e9 ciudad desea recibir atenci\u00f3n presencial?<\/option><option value=\"Bogot\u00e1\">Bogot\u00e1<\/option><option value=\"Medell\u00edn\">Medell\u00edn<\/option><option value=\"Cali\">Cali<\/option><option value=\"Barranquilla\">Barranquilla<\/option><\/select><\/span>\n\t\t<\/p>\n\t<\/div>\n\t<div class=\"form__home__group\">\n\t\t<p><span class=\"wpcf7-form-control-wrap\" data-name=\"tratamiento\"><select class=\"wpcf7-form-control wpcf7-select wpcf7-validates-as-required\" aria-required=\"true\" aria-invalid=\"false\" name=\"tratamiento\"><option value=\"\">Tratamiento de inter\u00e9s<\/option><option value=\"Acn\u00e9 activo\">Acn\u00e9 activo<\/option><option value=\"Bolsas en ojos\">Bolsas en ojos<\/option><option value=\"Cicatrices\">Cicatrices<\/option><option value=\"Depilaci\u00f3n l\u00e1ser\">Depilaci\u00f3n l\u00e1ser<\/option><option value=\"Estr\u00edas\">Estr\u00edas<\/option><option value=\"Hiperpigmentaci\u00f3n labial\">Hiperpigmentaci\u00f3n labial<\/option><option value=\"Lifting facial\">Lifting facial<\/option><option value=\"Pecas, manchas y melasma\">Pecas, manchas y melasma<\/option><option value=\"Moldeamiento corporal, reducci\u00f3n de medidas, celulitis\">Moldeamiento corporal, reducci\u00f3n de medidas, celulitis<\/option><option value=\"Rejuvenecimiento facial\">Rejuvenecimiento facial<\/option><option value=\"Remoci\u00f3n de tatuajes\">Remoci\u00f3n de tatuajes<\/option><option value=\"Venas en piernas\">Venas en piernas<\/option><option value=\"Otro\">Otro<\/option><\/select><\/span>\n\t\t<\/p>\n\t<\/div>\n<\/div>\n<div class=\"form__home__group__no__flex\">\n\t<p><span class=\"wpcf7-form-control-wrap\" data-name=\"your-message\"><textarea cols=\"40\" rows=\"10\" maxlength=\"2000\" class=\"wpcf7-form-control wpcf7-textarea\" aria-invalid=\"false\" placeholder=\"Mensaje\" name=\"your-message\"><\/textarea><\/span>\n\t<\/p>\n<\/div>\n<div class=\"form__home__group__no__flex\">\n\t<p class=\"parrafos\" style=\"font-size:12px;line-height:16px;text-align: justify;\">De manera voluntaria, expl\u00edcita, informada e inequ\u00edvoca, autorizo a Cl\u00ednica L\u00e1ser de Piel para tratar mis datos personales, de acuerdo con lo dispuesto en los art\u00edculos 5, 7 y concordantes del Decreto 1377 de 2013 y las dem\u00e1s disposiciones legales referentes al tema. Para mayor informaci\u00f3n acerca del manejo de tus datos personales, puedes revisar nuestra <label><a href=\"https:\/\/clinicalaserdepiel.com.co\/esp\/publicaciones\/politica-de-manejo-de-datos\" target=\"_blank\" style=\"border-bottom:1px solid #171775;\"> pol\u00edtica de tratamiento de datos.<\/a><\/label>\n\t<\/p>\n<\/div>\n<div style=\"display: flex; justify-content: center;\">\n\t<p><input class=\"wpcf7-form-control wpcf7-submit has-spinner\" type=\"submit\" value=\"Enviar\" \/>\n\t<\/p>\n<\/div>\n\n<p style=\"display: none !important;\" class=\"akismet-fields-container\" data-prefix=\"_wpcf7_ak_\"><label>&#916;<textarea name=\"_wpcf7_ak_hp_textarea\" cols=\"45\" rows=\"8\" maxlength=\"100\"><\/textarea><\/label><input type=\"hidden\" id=\"ak_js_1\" name=\"_wpcf7_ak_js\" value=\"138\"\/><script>document.getElementById( \"ak_js_1\" ).setAttribute( \"value\", ( new Date() ).getTime() );<\/script><\/p><div class=\"wpcf7-response-output\" aria-hidden=\"true\"><\/div>\n<\/form>\n<\/div>\n[\/vc_column][\/vc_row]<\/p>\n<\/section>","protected":false},"excerpt":{"rendered":"<p>[vc_row content_aligment=&#8221;center&#8221; el_class=&#8221;cabecera&#8221;][vc_column][vc_column_text] Depilaci\u00f3n L\u00e1ser \u2013 \u00a1 Luce Una Piel Sin Vellos! [\/vc_column_text][\/vc_column][\/vc_row][vc_row el_id=&#8221;rowContainer&#8221;][vc_column width=&#8221;3\/4&#8243;][vc_empty_space][vc_row_inner][vc_column_inner width=&#8221;1\/3&#8243;][vc_single_image image=&#8221;15772&#8243; img_size=&#8221;full&#8221; el_class=&#8221;imagenes-cpl&#8221;][\/vc_column_inner][vc_column_inner width=&#8221;2\/3&#8243;][vc_column_text] El vello no deseado es una pesadilla para muchas mujeres y hombres, afortunadamente la\u00a0tecnolog\u00eda\u00a0ha avanzado y actualmente existe tecnolog\u00eda l\u00e1ser que provee una\u00a0soluci\u00f3n segura, asequible&#8230;<\/p>\n","protected":false},"author":1,"featured_media":0,"parent":0,"menu_order":0,"comment_status":"closed","ping_status":"closed","template":"","meta":{"footnotes":""},"class_list":["post-13340","page","type-page","status-publish","hentry"],"_links":{"self":[{"href":"https:\/\/clinicalaserdepiel.com.co\/esp\/wp-json\/wp\/v2\/pages\/13340"}],"collection":[{"href":"https:\/\/clinicalaserdepiel.com.co\/esp\/wp-json\/wp\/v2\/pages"}],"about":[{"href":"https:\/\/clinicalaserdepiel.com.co\/esp\/wp-json\/wp\/v2\/types\/page"}],"author":[{"embeddable":true,"href":"https:\/\/clinicalaserdepiel.com.co\/esp\/wp-json\/wp\/v2\/users\/1"}],"replies":[{"embeddable":true,"href":"https:\/\/clinicalaserdepiel.com.co\/esp\/wp-json\/wp\/v2\/comments?post=13340"}],"version-history":[{"count":0,"href":"https:\/\/clinicalaserdepiel.com.co\/esp\/wp-json\/wp\/v2\/pages\/13340\/revisions"}],"wp:attachment":[{"href":"https:\/\/clinicalaserdepiel.com.co\/esp\/wp-json\/wp\/v2\/media?parent=13340"}],"curies":[{"name":"wp","href":"https:\/\/api.w.org\/{rel}","templated":true}]}}