{"version":"1.0","provider_name":"Cl\u00ednica L\u00e1ser de Piel - Especialistas en L\u00e1ser de Piel Colombia","provider_url":"https:\/\/clinicalaserdepiel.com.co\/esp","title":"Sandra Patricia P\u00e9rez - Cl\u00ednica L\u00e1ser de Piel - Especialistas en L\u00e1ser de Piel Colombia","type":"rich","width":600,"height":338,"html":"<blockquote class=\"wp-embedded-content\" data-secret=\"dfNOMLD0L0\"><a href=\"https:\/\/clinicalaserdepiel.com.co\/esp\/testimonios\/sandra-patricia-perez\">Sandra Patricia P\u00e9rez<\/a><\/blockquote><iframe sandbox=\"allow-scripts\" security=\"restricted\" src=\"https:\/\/clinicalaserdepiel.com.co\/esp\/testimonios\/sandra-patricia-perez\/embed#?secret=dfNOMLD0L0\" width=\"600\" height=\"338\" title=\"&#8220;Sandra Patricia P\u00e9rez&#8221; &#8212; Cl\u00ednica L\u00e1ser de Piel - Especialistas en L\u00e1ser de Piel Colombia\" data-secret=\"dfNOMLD0L0\" frameborder=\"0\" marginwidth=\"0\" marginheight=\"0\" scrolling=\"no\" class=\"wp-embedded-content\"><\/iframe><script type=\"text\/javascript\">\n\/* <![CDATA[ *\/\n\/*! This file is auto-generated *\/\n!function(d,l){\"use strict\";l.querySelector&&d.addEventListener&&\"undefined\"!=typeof URL&&(d.wp=d.wp||{},d.wp.receiveEmbedMessage||(d.wp.receiveEmbedMessage=function(e){var t=e.data;if((t||t.secret||t.message||t.value)&&!\/[^a-zA-Z0-9]\/.test(t.secret)){for(var s,r,n,a=l.querySelectorAll('iframe[data-secret=\"'+t.secret+'\"]'),o=l.querySelectorAll('blockquote[data-secret=\"'+t.secret+'\"]'),c=new RegExp(\"^https?:$\",\"i\"),i=0;i<o.length;i++)o[i].style.display=\"none\";for(i=0;i<a.length;i++)s=a[i],e.source===s.contentWindow&&(s.removeAttribute(\"style\"),\"height\"===t.message?(1e3<(r=parseInt(t.value,10))?r=1e3:~~r<200&&(r=200),s.height=r):\"link\"===t.message&&(r=new URL(s.getAttribute(\"src\")),n=new URL(t.value),c.test(n.protocol))&&n.host===r.host&&l.activeElement===s&&(d.top.location.href=t.value))}},d.addEventListener(\"message\",d.wp.receiveEmbedMessage,!1),l.addEventListener(\"DOMContentLoaded\",function(){for(var e,t,s=l.querySelectorAll(\"iframe.wp-embedded-content\"),r=0;r<s.length;r++)(t=(e=s[r]).getAttribute(\"data-secret\"))||(t=Math.random().toString(36).substring(2,12),e.src+=\"#?secret=\"+t,e.setAttribute(\"data-secret\",t)),e.contentWindow.postMessage({message:\"ready\",secret:t},\"*\")},!1)))}(window,document);\n\/* ]]> *\/\n<\/script>\n","description":"Mi nombre es SANDRA PATRICIA PEREZ BUSTAMANTE, me encontraba con un fuerte acn\u00e9 en mi cara, estaba muy triste por mi imagen de mi rostro, mi mam\u00e1 muy desesperada me pidi\u00f3 una cita en la Clinica laser de Piel, la doctora nos explic\u00f3 muy bien..."}